{"id":2174,"date":"2022-12-03T11:11:49","date_gmt":"2022-12-03T11:11:49","guid":{"rendered":"https:\/\/www.minipak.net\/homepage\/"},"modified":"2025-11-26T13:27:05","modified_gmt":"2025-11-26T13:27:05","slug":"homepage","status":"publish","type":"page","link":"https:\/\/www.minipak.net\/pl\/","title":{"rendered":"Homepage"},"content":{"rendered":"<section class=\"l-section wpb_row us_custom_aa494976 home_banner height_small\" id=\"no_sachet\"><div class=\"l-section-h i-cf\"><div class=\"g-cols vc_row via_grid cols_1 laptops-cols_inherit tablets-cols_inherit mobiles-cols_1 valign_middle type_default stacking_default\"><div class=\"wpb_column vc_column_container us_custom_fc811230\"><div class=\"vc_column-inner\"><div class=\"wpb_text_column us_custom_192a7f24 has_text_color\"><div class=\"wpb_wrapper\"><h1 style=\"text-align: center;\">Ponad 30 lat do\u015bwiadczenia w pakowaniu saszetek do Pa\u0144stwa dyspozycji.<\/h1>\n<\/div><\/div><div class=\"w-html us_custom_2dbf7b3f\"><div class=\"google_reviews\">\n                    <div class=\"rating\">\n                        <div class=\"stars\"><span class=\"stars_fill\" style=\"width:132px\"><\/span><\/div>\n                    \n                    <a href=\"https:\/\/www.google.com\/search?q=MINIPAK+s.r.o.#lrd=0x476c8e8790668ba3:0x9cde4cecdf1faed4,1,,,\" target=\"_blank\" class=\"reviews\" style=\"color: #8f8f8f; text-decoration: underline;\">Read our Google reviews.<\/a>\n                <\/div><\/div><\/div><div class=\"wpb_text_column us_custom_38445624 center has_text_color\"><div class=\"wpb_wrapper\"><p style=\"font-size: 18px;\">Od kosmetyk\u00f3w w p\u0142ynie po kapsu\u0142ki, snus i proszki \u2013 mo\u017cemy nape\u0142nia\u0107 i pakowa\u0107 wszystko dla Pa\u0144stwa.<\/p>\n<p style=\"font-size: 18px;\">Skontaktuj si\u0119 z nami ju\u017c dzi\u015b, aby uzyska\u0107 przyst\u0119pne ceny, certyfikowan\u0105 jako\u015b\u0107 produkcji GMP oraz minimalne zam\u00f3wienie na jedyne 5 000 saszetek.<\/p>\n<\/div><\/div><div class=\"w-vwrapper align_none valign_top\"><div class=\"w-btn-wrapper align_center\"><a class=\"w-btn us-btn-style_1 us_custom_d3118b6d us_animate_this icon_atright\" title=\"Contact\" href=\"https:\/\/www.minipak.net\/pl\/kontakt\/\"><span class=\"w-btn-label\">Skontaktuj si\u0119 z nami<\/span><i class=\"fas fa-chevron-right\"><\/i><\/a><\/div><\/div><div class=\"wpb_column vc_column_container\"><div class=\"vc_column-inner\"><\/div><\/div><div class=\"wpb_column vc_column_container\"><div class=\"vc_column-inner\"><\/div><\/div><\/div><\/div><\/div><\/div><\/section><section class=\"l-section wpb_row us_custom_3116ecc2 product_wrap height_small\"><div class=\"l-section-h i-cf\"><div class=\"g-cols vc_row via_grid cols_1 laptops-cols_inherit tablets-cols_inherit mobiles-cols_1 valign_middle type_default stacking_default\"><div class=\"wpb_column vc_column_container\"><div class=\"vc_column-inner\"><div class=\"wpb_text_column us_custom_711fe142 has_text_color\"><div class=\"wpb_wrapper\"><h2>Nasze rozwi\u0105zania opakowaniowe<\/h2>\n<\/div><\/div><div class=\"g-cols wpb_row us_custom_6cb937a4 product_box via_grid cols_3 laptops-cols_inherit tablets-cols_inherit mobiles-cols_1 valign_top type_default stacking_default\" style=\"grid-gap:20px;\"><div class=\"wpb_column vc_column_container us_custom_913d0628 has_bg_color\"><div class=\"vc_column-inner\"><div class=\"wpb_text_column us_custom_092b78ee has_text_color\"><div class=\"wpb_wrapper\"><h4 style=\"text-align: center;\">Saszetka do recyklingu<\/h4>\n<\/div><\/div><div class=\"w-image us_custom_a833bf3c align_center\"><div class=\"w-image-h\"><img loading=\"lazy\" decoding=\"async\" width=\"296\" height=\"392\" src=\"https:\/\/www.minipak.net\/wp-content\/uploads\/2024\/10\/sachet-png.webp\" class=\"attachment-full size-full\" alt=\"\" \/><\/div><\/div><div class=\"wpb_text_column us_custom_b283ee46 has_text_color\"><div class=\"wpb_wrapper\"><p class=\"p1\">Nowatorskie rozwi\u0105zanie, kt\u00f3re przyczynia si\u0119 do zr\u00f3wnowa\u017con\u0105 gospodark\u0119 o obiegu zamkni\u0119tym.<\/p>\n<p class=\"p1\">Odpowiednie dla produkt\u00f3w p\u0142ynnych, lepkich lub sta\u0142ych.<\/p>\n<div id=\"gtx-trans\" style=\"position: absolute; left: -23px; top: 102px;\">\n<div class=\"gtx-trans-icon\"><\/div>\n<\/div>\n<\/div><\/div><div class=\"w-btn-wrapper align_none\"><a class=\"w-btn us-btn-style_7 us_custom_85756892 btn_default has_text_color\" title=\"Saszetka Sampless\u2122 nadaj\u0105ca si\u0119 do recyklingu\" href=\"https:\/\/www.minipak.net\/pl\/recykling-opakowania-saszetki\/\"><span class=\"w-btn-label\">Informacje o produkcie<\/span><\/a><\/div><\/div><\/div><div class=\"wpb_column vc_column_container us_custom_8e881fd1 has_bg_color\"><div class=\"vc_column-inner\"><div class=\"wpb_text_column us_custom_963f0dab has_text_color\"><div class=\"wpb_wrapper\"><h4 class=\"p1\" style=\"text-align: center;\">Saszetka na bazie aluminium<\/h4>\n<\/div><\/div><div class=\"w-image us_custom_a833bf3c align_center\"><div class=\"w-image-h\"><img loading=\"lazy\" decoding=\"async\" width=\"300\" height=\"377\" src=\"https:\/\/www.minipak.net\/wp-content\/uploads\/2024\/09\/aluminum-sachet-min.png\" class=\"attachment-full size-full\" alt=\"\" srcset=\"https:\/\/www.minipak.net\/wp-content\/uploads\/2024\/09\/aluminum-sachet-min.png 300w, https:\/\/www.minipak.net\/wp-content\/uploads\/2024\/09\/aluminum-sachet-min-239x300.png 239w\" sizes=\"auto, (max-width: 300px) 100vw, 300px\" \/><\/div><\/div><div class=\"wpb_text_column us_custom_b283ee46 has_text_color\"><div class=\"wpb_wrapper\"><p class=\"p1\">Sprawdzone d\u0142ugoterminowo opakowanie saszetki, kt\u00f3re zapewnia wyd\u0142u\u017cony termin przydatno\u015bci zapakowanych produkt\u00f3w.<\/p>\n<p class=\"p1\">Odpowiednie dla produkt\u00f3w p\u0142ynnych, lepkich lub sta\u0142ych.<\/p>\n<\/div><\/div><div class=\"w-btn-wrapper align_none\"><a class=\"w-btn us-btn-style_7 us_custom_9a2e42ba btn_default has_text_color\" title=\"Aluminum-based sachet packaging\" href=\"https:\/\/www.minipak.net\/pl\/saszetka-na-bazie-aluminium\/\"><span class=\"w-btn-label\">Informacje o produkcie<\/span><\/a><\/div><\/div><\/div><div class=\"wpb_column vc_column_container us_custom_a4ae60b1 has_bg_color\"><div class=\"vc_column-inner\"><div class=\"wpb_text_column us_custom_092b78ee has_text_color\"><div class=\"wpb_wrapper\"><h4 style=\"text-align: center;\">Opakowanie Stick Pack<\/h4>\n<\/div><\/div><div class=\"w-image us_custom_a833bf3c align_center\"><div class=\"w-image-h\"><img loading=\"lazy\" decoding=\"async\" width=\"300\" height=\"811\" src=\"https:\/\/www.minipak.net\/wp-content\/uploads\/2024\/09\/stick-pack-sachet_min.png\" class=\"attachment-full size-full\" alt=\"\" srcset=\"https:\/\/www.minipak.net\/wp-content\/uploads\/2024\/09\/stick-pack-sachet_min.png 300w, https:\/\/www.minipak.net\/wp-content\/uploads\/2024\/09\/stick-pack-sachet_min-111x300.png 111w\" sizes=\"auto, (max-width: 300px) 100vw, 300px\" \/><\/div><\/div><div class=\"wpb_text_column us_custom_b283ee46 has_text_color\"><div class=\"wpb_wrapper\"><p class=\"p1\">Questa \u00e8 la soluzione perfetta di stick packaging da portare ovunque, ideale per integratori alimentari.<\/p>\n<p>Odpowiednie dla niskopyl\u0105cych proszk\u00f3w.<\/p>\n<\/div><\/div><div class=\"w-btn-wrapper align_none\"><a class=\"w-btn us-btn-style_7 us_custom_47d66c9d btn_default has_text_color\" title=\"Stick pack sachet packaging\" href=\"https:\/\/www.minipak.net\/pl\/stick-pack\/\"><span class=\"w-btn-label\">Informacje o produkcie<\/span><\/a><\/div><\/div><\/div><\/div><div class=\"wpb_column vc_column_container\"><div class=\"vc_column-inner\"><\/div><\/div><div class=\"wpb_column vc_column_container\"><div class=\"vc_column-inner\"><\/div><\/div><\/div><\/div><\/div><\/div><\/section><section class=\"l-section wpb_row us_custom_cc38381c height_medium\"><div class=\"l-section-h i-cf\"><div class=\"g-cols vc_row via_grid cols_2-1 laptops-cols_inherit tablets-cols_inherit mobiles-cols_1 valign_top type_default stacking_default\" style=\"grid-gap:40px;\"><div class=\"wpb_column vc_column_container us_custom_70cfe74d\"><div class=\"vc_column-inner\"><div class=\"g-cols wpb_row us_custom_d641eec2 call_action via_grid cols_2 laptops-cols_inherit tablets-cols_inherit mobiles-cols_1 valign_middle type_default stacking_default\"><div class=\"wpb_column vc_column_container\"><div class=\"vc_column-inner\"><div class=\"w-image us_custom_45e749fe img_100 align_center\"><div class=\"w-image-h\"><img loading=\"lazy\" decoding=\"async\" width=\"1000\" height=\"645\" src=\"https:\/\/www.minipak.net\/wp-content\/uploads\/2024\/10\/Discovery-box-with-sachet-1-png.webp\" class=\"attachment-full size-full\" alt=\"\" \/><\/div><\/div><\/div><\/div><div class=\"wpb_column vc_column_container us_custom_fd3d5d0a\"><div class=\"vc_column-inner\"><div class=\"wpb_text_column us_custom_d6031cc8 has_text_color\"><div class=\"wpb_wrapper\"><h4 class=\"p1\">Szukasz niestandardowego rozwi\u0105zania?<\/h4>\n<\/div><\/div><div class=\"wpb_text_column us_custom_6cd7f7a0 has_text_color\"><div class=\"wpb_wrapper\"><p class=\"p1\">Mo\u017cemy poprawi\u0107 do\u015bwiadczenie Twoich klient\u00f3w, do\u0142\u0105czaj\u0105c saszetki do kart drukowanych lub pakuj\u0105c je w pude\u0142ka promocyjne lub detaliczne.<\/p>\n<\/div><\/div><div class=\"w-btn-wrapper align_none\"><a class=\"w-btn us-btn-style_7 us_custom_d6b956ad has_text_color\" title=\"Aluminum-based sachet\" href=\"https:\/\/www.minipak.net\/pl\/kontakt\/\"><span class=\"w-btn-label\">Skontaktuj si\u0119 z nami<\/span><\/a><\/div><\/div><\/div><\/div><\/div><\/div><div class=\"wpb_column vc_column_container us_custom_7c1df00a\"><div class=\"vc_column-inner\"><div class=\"wpb_text_column us_custom_8e09cc6b\"><div class=\"wpb_wrapper\"><h4>Nie jeste\u015b pewien, kt\u00f3ra opcja opakowania b\u0119dzie najlepsza dla Twojego projektu?<\/h4>\n<div id=\"gtx-trans\" style=\"position: absolute; left: 156px; top: 67.2734px;\">\n<div class=\"gtx-trans-icon\"><\/div>\n<\/div>\n<\/div><\/div><div class=\"wpb_text_column\"><div class=\"wpb_wrapper\"><p class=\"p1\" style=\"color: #151617;\">Znajd\u017amy razem rozwi\u0105zanie.<\/p>\n<\/div><\/div><div class=\"w-btn-wrapper align_left\"><a class=\"w-btn us-btn-style_1 us_custom_10567208 us_animate_this icon_atright\" title=\"Contact\" href=\"https:\/\/www.minipak.net\/pl\/kontakt\/\"><span class=\"w-btn-label\">Skontaktuj si\u0119 z nami<\/span><i class=\"fas fa-chevron-right\"><\/i><\/a><\/div><\/div><\/div><\/div><\/div><\/section><section class=\"l-section wpb_row us_custom_2c26ce50 height_medium\"><div class=\"l-section-h i-cf\"><div class=\"g-cols vc_row via_grid cols_1 laptops-cols_inherit tablets-cols_inherit mobiles-cols_1 valign_top type_default stacking_default\"><div class=\"wpb_column vc_column_container\"><div class=\"vc_column-inner\"><div class=\"wpb_text_column us_custom_f5ab7651\"><div class=\"wpb_wrapper\"><h2>Dlaczego wsp\u00f3\u0142praca z nami?<\/h2>\n<\/div><\/div><div class=\"g-cols wpb_row us_custom_b7627d39 via_grid cols_2 laptops-cols_inherit tablets-cols_inherit mobiles-cols_1 valign_top type_default stacking_default\" style=\"grid-gap:13px;\"><div class=\"wpb_column vc_column_container small_boxes\"><div class=\"vc_column-inner\"><div class=\"w-hwrapper us_custom_470e1adc align_none valign_top\" style=\"--hwrapper-gap:13px\"><div class=\"w-vwrapper us_custom_da3e87a5 align_none valign_top\" style=\"--vwrapper-gap:0rem\"><div class=\"w-image us_custom_8e5c9f9d align_none\"><div class=\"w-image-h\"><img decoding=\"async\" src=\"https:\/\/www.minipak.net\/wp-content\/uploads\/2022\/12\/Group-38.svg\" class=\"attachment-full size-full\" alt=\"\" \/><\/div><\/div><div class=\"wpb_text_column us_custom_2f31e3bf has_text_color\"><div class=\"wpb_wrapper\"><p>Jako\u015b\u0107<\/p>\n<\/div><\/div><div class=\"wpb_text_column us_custom_959dcb3a has_text_color\"><div class=\"wpb_wrapper\"><p>Naszym priorytetem jest najwy\u017csza jako\u015b\u0107. Nasze certyfikaty ISO potwierdzaj\u0105 nasze zaanga\u017cowanie w produkcj\u0119 na najwy\u017cszym poziomie.<\/p>\n<\/div><\/div><div class=\"w-text us_custom_9cf27ca6 underlined has_text_color\"><a title=\"Jako\u015b\u0107\" href=\"\/pl\/jakosc\/\" class=\"w-text-h\"><span class=\"w-text-value\">Zobacz nasze certyfikaty<\/span><\/a><\/div><\/div><div class=\"w-vwrapper us_custom_da3e87a5 align_none valign_top\" style=\"--vwrapper-gap:0rem\"><div class=\"w-image us_custom_8e5c9f9d align_none\"><div class=\"w-image-h\"><img decoding=\"async\" src=\"https:\/\/www.minipak.net\/wp-content\/uploads\/2022\/12\/001-recyclable.svg\" class=\"attachment-full size-full\" alt=\"\" \/><\/div><\/div><div class=\"wpb_text_column us_custom_2f31e3bf has_text_color\"><div class=\"wpb_wrapper\"><p>Zr\u00f3wnowa\u017cony rozw\u00f3j<\/p>\n<\/div><\/div><div class=\"wpb_text_column us_custom_959dcb3a has_text_color\"><div class=\"wpb_wrapper\"><p>Przeznaczone do recyklingu, nasze zr\u00f3wnowa\u017cone saszetki s\u0105 certyfikowanymi ekologicznymi alternatywami dla standardowych pr\u00f3bek kosmetyk\u00f3w.<\/p>\n<\/div><\/div><div class=\"w-text us_custom_9cf27ca6 underlined has_text_color\"><a title=\"Aluminum-based sachet\" href=\"\/pl\/saszetki-na-bazie-aluminium\/\" class=\"w-text-h\"><span class=\"w-text-value\">Odkryj saszetk\u0119 Sampless\u2122<\/span><\/a><\/div><\/div><\/div><div class=\"w-hwrapper align_none valign_top\" style=\"--hwrapper-gap:13px\"><div class=\"w-vwrapper us_custom_da3e87a5 align_none valign_top\" style=\"--vwrapper-gap:0rem\"><div class=\"w-image us_custom_8e5c9f9d align_none\"><div class=\"w-image-h\"><img decoding=\"async\" src=\"https:\/\/www.minipak.net\/wp-content\/uploads\/2022\/12\/007-podium.svg\" class=\"attachment-full size-full\" alt=\"\" \/><\/div><\/div><div class=\"wpb_text_column us_custom_2f31e3bf has_text_color\"><div class=\"wpb_wrapper\"><p>Do\u015bwiadczenie<\/p>\n<\/div><\/div><div class=\"wpb_text_column us_custom_959dcb3a has_text_color\"><div class=\"wpb_wrapper\"><p>Od dziesi\u0119cioleci wspieramy marki kosmetyczne w ca\u0142ej Europie i poza ni\u0105 dzi\u0119ki wysokiej jako\u015bci, oferuj\u0105c op\u0142acalne us\u0142ugi wype\u0142niania i saszetkowania.<\/p>\n<\/div><\/div><div class=\"w-text us_custom_9cf27ca6 underlined has_text_color\"><a title=\"About us\" href=\"\/pl\/informacje-o-nas\/\" class=\"w-text-h\"><span class=\"w-text-value\">Przeczytaj wi\u0119cej<\/span><\/a><\/div><\/div><div class=\"w-vwrapper us_custom_da3e87a5 align_none valign_top\" style=\"--vwrapper-gap:0rem\"><div class=\"w-image us_custom_8e5c9f9d align_none\"><div class=\"w-image-h\"><img decoding=\"async\" src=\"https:\/\/www.minipak.net\/wp-content\/uploads\/2022\/12\/006-back-arrow.svg\" class=\"attachment-full size-full\" alt=\"\" \/><\/div><\/div><div class=\"wpb_text_column us_custom_2f31e3bf has_text_color\"><div class=\"wpb_wrapper\"><p>Lojalno\u015b\u0107<\/p>\n<\/div><\/div><div class=\"wpb_text_column us_custom_959dcb3a has_text_color\"><div class=\"wpb_wrapper\"><p>87%* naszych pierwszych klient\u00f3w wraca do nas z kolejnymi zam\u00f3wieniami.<\/p>\n<p><span style=\"font-size: 10px; line-height: 14px;\">*Wewn\u0119trzn\u0105 analiz\u0119 statystyczn\u0105 przeprowadzili\u015bmy w latach 2016 \u2013 2021, bior\u0105c pod uwag\u0119 klient\u00f3w, kt\u00f3rzy w tym okresie z\u0142o\u017cyli zam\u00f3wienie co najmniej dwukrotnie.<\/span><\/p>\n<\/div><\/div><\/div><\/div><\/div><\/div><div class=\"wpb_column vc_column_container us_custom_6a9411db has_bg_color\"><div class=\"vc_column-inner\"><div class=\"w-image us_custom_edc12738 align_center\"><div class=\"w-image-h\"><img loading=\"lazy\" decoding=\"async\" width=\"1186\" height=\"1184\" src=\"https:\/\/www.minipak.net\/wp-content\/uploads\/2023\/11\/Box-minipak@2x.png\" class=\"attachment-full size-full\" alt=\"Pr\u00f3bki saszetek w pude\u0142ku.\" srcset=\"https:\/\/www.minipak.net\/wp-content\/uploads\/2023\/11\/Box-minipak@2x.png 1186w, https:\/\/www.minipak.net\/wp-content\/uploads\/2023\/11\/Box-minipak@2x-300x300.png 300w, https:\/\/www.minipak.net\/wp-content\/uploads\/2023\/11\/Box-minipak@2x-1024x1022.png 1024w, https:\/\/www.minipak.net\/wp-content\/uploads\/2023\/11\/Box-minipak@2x-150x150.png 150w\" sizes=\"auto, (max-width: 1186px) 100vw, 1186px\" \/><\/div><\/div><div class=\"w-vwrapper us_custom_a8f489ad align_none valign_top\" style=\"--vwrapper-gap:0rem\"><div class=\"wpb_text_column us_custom_3cbf965d has_text_color\"><div class=\"wpb_wrapper\"><h2>Zapytaj o bezp\u0142atne pr\u00f3bki<\/h2>\n<\/div><\/div><div class=\"wpb_text_column us_custom_eb9f148c has_text_color\"><div class=\"wpb_wrapper\"><p>Nie wahaj si\u0119 zam\u00f3wi\u0107 naszego zestawu pr\u00f3bek z bezp\u0142atn\u0105 dostaw\u0105 na adres w UE. <a style=\"text-decoration: underline;\" href=\"\/pl\/kontakt\/\">Skontaktuj si\u0119 z nami ju\u017c dzi\u015b<\/a> aby zobaczy\u0107 i poczu\u0107 jako\u015b\u0107 naszej pracy.<\/p>\n<\/div><\/div><div class=\"w-btn-wrapper align_none\"><a class=\"w-btn us-btn-style_1 us_custom_d3118b6d us_animate_this icon_atright\" title=\"Kontakt\" href=\"\/pl\/kontakt\/\"><span class=\"w-btn-label\">Skontaktuj si\u0119 z nami<\/span><i class=\"fas fa-chevron-right\"><\/i><\/a><\/div><\/div><\/div><\/div><\/div><\/div><\/div><\/div><\/div><\/section><section class=\"l-section wpb_row us_custom_a5356b93 map_section height_medium\"><div class=\"l-section-h i-cf\"><div class=\"g-cols vc_row via_grid cols_2 laptops-cols_inherit tablets-cols_inherit mobiles-cols_1 valign_middle type_default stacking_default\" style=\"grid-gap:0rem;\"><div class=\"wpb_column vc_column_container\"><div class=\"vc_column-inner\"><div class=\"wpb_text_column us_custom_9791b98e\"><div class=\"wpb_wrapper\"><h2>Wysokiej jako\u015bci us\u0142uga pakowania<br \/>\nw konkurencyjnych cenach<\/h2>\n<\/div><\/div><\/div><\/div><div class=\"wpb_column vc_column_container us_custom_9203d351\"><div class=\"vc_column-inner\"><div class=\"wpb_text_column us_custom_c27d09f8 has_text_color\"><div class=\"wpb_wrapper\"><p>Wyprodukowano na S\u0142owacji<\/p>\n<\/div><\/div><div class=\"wpb_text_column us_custom_3bfe3bab has_text_color\"><div class=\"wpb_wrapper\"><p>Nasz zak\u0142ad produkcyjny saszetek znajduje si\u0119 w Bratys\u0142awie na S\u0142owacji. Kraj ten, znany ze swojej wykwalifikowanej si\u0142y roboczej, czerpie korzy\u015bci z ni\u017cszych koszt\u00f3w produkcji i pr\u0119\u017cnej gospodarki, co pozwala nam obni\u017ca\u0107 koszty bez uszczerbku dla jako\u015bci.<\/p>\n<p>Po\u0142o\u017cona w sercu Europy S\u0142owacja ma \u0142atwy dost\u0119p do reszty kontynentu, co pomaga skr\u00f3ci\u0107 czas i koszty transportu dla naszych klient\u00f3w.<\/p>\n<\/div><\/div><div class=\"w-btn-wrapper align_none\"><a class=\"w-btn us-btn-style_1 us_custom_d3118b6d us_animate_this icon_atright\" title=\"Kontakt\" href=\"\/pl\/kontakt\/\"><span class=\"w-btn-label\">Skontaktuj si\u0119 z nami<\/span><i class=\"fas fa-chevron-right\"><\/i><\/a><\/div><\/div><\/div><\/div><\/div><\/section><section class=\"l-section wpb_row us_custom_b6a72ce1 doubled height_medium width_full\"><div class=\"l-section-h i-cf\"><div class=\"g-cols vc_row via_grid cols_2 laptops-cols_inherit tablets-cols_inherit mobiles-cols_1 valign_top type_default stacking_default\" style=\"grid-gap:12px;\"><div class=\"wpb_column vc_column_container us_custom_f06ba45d has_bg_color\"><div class=\"vc_column-inner\"><div class=\"w-vwrapper us_custom_c5981c81 align_none valign_top\"><div class=\"wpb_text_column us_custom_c27d09f8 has_text_color\"><div class=\"wpb_wrapper\"><p>Druk dostosowany do Twoich potrzeb<\/p>\n<\/div><\/div><div class=\"wpb_text_column us_custom_2751239d has_text_color\"><div class=\"wpb_wrapper\"><p>Wykorzystujemy zaawansowany druk cyfrowy HP Indigo przy ma\u0142ych nak\u0142adach oraz projektach z wi\u0119ksz\u0105 ilo\u015bci\u0105 projekt\u00f3w graficznych. Ta metoda drukowania umo\u017cliwia nam bardziej wydajne i ekonomiczne dostosowanie naszych us\u0142ug do Twojego projektu opakowania saszetek.<\/p>\n<p>Przy wi\u0119kszych zam\u00f3wieniach stosujemy nowoczesny druk offsetowy UV lub fleksograficzny. Te metody drukowania zapewniaj\u0105 ni\u017csze koszty jednostkowe, gdy pr\u00f3bkowanie wymaga zwi\u0119kszenia skali.<\/p>\n<\/div><\/div><div class=\"w-image us_custom_7848fc1f align_none\"><div class=\"w-image-h\"><img loading=\"lazy\" decoding=\"async\" width=\"714\" height=\"269\" src=\"https:\/\/www.minipak.net\/wp-content\/uploads\/2022\/12\/printer-1.png\" class=\"attachment-full size-full\" alt=\"\" srcset=\"https:\/\/www.minipak.net\/wp-content\/uploads\/2022\/12\/printer-1.png 714w, https:\/\/www.minipak.net\/wp-content\/uploads\/2022\/12\/printer-1-300x113.png 300w\" sizes=\"auto, (max-width: 714px) 100vw, 714px\" \/><\/div><\/div><\/div><\/div><\/div><div class=\"wpb_column vc_column_container us_custom_9942e92c has_bg_color\"><div class=\"vc_column-inner\"><div class=\"w-vwrapper us_custom_c5981c81 align_none valign_top\"><div class=\"wpb_text_column us_custom_04b8a905 has_text_color\"><div class=\"wpb_wrapper\"><p>Dok\u0142adamy wszelkich stara\u0144, aby sprosta\u0107 Twojemu bud\u017cetowi<\/p>\n<\/div><\/div><div class=\"wpb_text_column us_custom_88a54243 has_text_color\"><div class=\"wpb_wrapper\"><p>Podczas naszych konsultacji przedprodukcyjnych mo\u017cemy doradzi\u0107, jak dostosowa\u0107 Tw\u00f3j projekt do Twojego bud\u017cetu. Mo\u017cemy wyja\u015bni\u0107 Ci ka\u017cdy krok produkcji, pocz\u0105wszy od zalecenia odpowiedniego rozmiaru opakowania saszetki, materia\u0142u foliowego i wyko\u0144czenia powierzchni po wyb\u00f3r najskuteczniejszej techniki druku.<\/p>\n<\/div><\/div><div class=\"w-image us_custom_1e69b54f align_none\"><div class=\"w-image-h\"><img loading=\"lazy\" decoding=\"async\" width=\"515\" height=\"378\" src=\"https:\/\/www.minipak.net\/wp-content\/uploads\/2024\/01\/creamy.png\" class=\"attachment-full size-full\" alt=\"\" srcset=\"https:\/\/www.minipak.net\/wp-content\/uploads\/2024\/01\/creamy.png 515w, https:\/\/www.minipak.net\/wp-content\/uploads\/2024\/01\/creamy-300x220.png 300w\" sizes=\"auto, (max-width: 515px) 100vw, 515px\" \/><\/div><\/div><\/div><\/div><\/div><\/div><\/div><\/section>\n","protected":false},"excerpt":{"rendered":"Ponad 30 lat do\u015bwiadczenia w pakowaniu saszetek do Pa\u0144stwa dyspozycji. Read our Google reviews. Od kosmetyk\u00f3w w p\u0142ynie po kapsu\u0142ki, snus i proszki \u2013 mo\u017cemy nape\u0142nia\u0107 i pakowa\u0107 wszystko dla Pa\u0144stwa. Skontaktuj si\u0119 z nami ju\u017c dzi\u015b, aby uzyska\u0107 przyst\u0119pne ceny, certyfikowan\u0105 jako\u015b\u0107 produkcji GMP oraz minimalne zam\u00f3wienie na jedyne 5 000 saszetek. Skontaktuj si\u0119...","protected":false},"author":1,"featured_media":0,"parent":0,"menu_order":0,"comment_status":"closed","ping_status":"closed","template":"","meta":{"inline_featured_image":false,"footnotes":""},"class_list":["post-2174","page","type-page","status-publish","hentry"],"acf":[],"yoast_head":"<!-- This site is optimized with the Yoast SEO plugin v23.5 - https:\/\/yoast.com\/wordpress\/plugins\/seo\/ -->\n<title>Kontraktowanie wype\u0142niania i saszetkowania | MINIPAK<\/title>\n<meta name=\"description\" content=\"MINIPAK jest firm\u0105 przyjmuj\u0105c\u0105 zlecenia wype\u0142niania i pakowania w saszetki (tzw. Saszetkowania). Nape\u0142niamy i pakujemy produkty p\u0142ynne, kremowe, proszkowe, granulowane oraz sta\u0142e w pr\u00f3bki kosmetyk\u00f3w, a tak\u017ce saszetki jednorazowe.\" \/>\n<meta name=\"robots\" content=\"index, follow, max-snippet:-1, max-image-preview:large, max-video-preview:-1\" \/>\n<link rel=\"canonical\" href=\"https:\/\/www.minipak.net\/pl\/\" \/>\n<meta property=\"og:locale\" content=\"pl_PL\" \/>\n<meta property=\"og:type\" content=\"article\" \/>\n<meta property=\"og:title\" content=\"Kontraktowanie wype\u0142niania i saszetkowania | MINIPAK\" \/>\n<meta property=\"og:description\" content=\"MINIPAK jest firm\u0105 przyjmuj\u0105c\u0105 zlecenia wype\u0142niania i pakowania w saszetki (tzw. Saszetkowania). Nape\u0142niamy i pakujemy produkty p\u0142ynne, kremowe, proszkowe, granulowane oraz sta\u0142e w pr\u00f3bki kosmetyk\u00f3w, a tak\u017ce saszetki jednorazowe.\" \/>\n<meta property=\"og:url\" content=\"https:\/\/www.minipak.net\/pl\/\" \/>\n<meta property=\"og:site_name\" content=\"minipak\" \/>\n<meta property=\"article:modified_time\" content=\"2025-11-26T13:27:05+00:00\" \/>\n<meta name=\"twitter:card\" content=\"summary_large_image\" \/>\n<meta name=\"twitter:label1\" content=\"Szacowany czas czytania\" \/>\n\t<meta name=\"twitter:data1\" content=\"4 minuty\" \/>\n<script type=\"application\/ld+json\" class=\"yoast-schema-graph\">{\"@context\":\"https:\/\/schema.org\",\"@graph\":[{\"@type\":\"WebPage\",\"@id\":\"https:\/\/www.minipak.net\/pl\/\",\"url\":\"https:\/\/www.minipak.net\/pl\/\",\"name\":\"Kontraktowanie wype\u0142niania i saszetkowania | MINIPAK\",\"isPartOf\":{\"@id\":\"https:\/\/www.minipak.net\/pl\/#website\"},\"datePublished\":\"2022-12-03T11:11:49+00:00\",\"dateModified\":\"2025-11-26T13:27:05+00:00\",\"description\":\"MINIPAK jest firm\u0105 przyjmuj\u0105c\u0105 zlecenia wype\u0142niania i pakowania w saszetki (tzw. Saszetkowania). Nape\u0142niamy i pakujemy produkty p\u0142ynne, kremowe, proszkowe, granulowane oraz sta\u0142e w pr\u00f3bki kosmetyk\u00f3w, a tak\u017ce saszetki jednorazowe.\",\"breadcrumb\":{\"@id\":\"https:\/\/www.minipak.net\/pl\/#breadcrumb\"},\"inLanguage\":\"pl-PL\",\"potentialAction\":[{\"@type\":\"ReadAction\",\"target\":[\"https:\/\/www.minipak.net\/pl\/\"]}]},{\"@type\":\"BreadcrumbList\",\"@id\":\"https:\/\/www.minipak.net\/pl\/#breadcrumb\",\"itemListElement\":[{\"@type\":\"ListItem\",\"position\":1,\"name\":\"Domovsk\u00e1 str\u00e1nka\",\"item\":\"https:\/\/www.minipak.net\/pl\/\"},{\"@type\":\"ListItem\",\"position\":2,\"name\":\"Homepage\"}]},{\"@type\":\"WebSite\",\"@id\":\"https:\/\/www.minipak.net\/pl\/#website\",\"url\":\"https:\/\/www.minipak.net\/pl\/\",\"name\":\"MINIPAK - Sachet sample packaging\",\"description\":\"\",\"publisher\":{\"@id\":\"https:\/\/www.minipak.net\/pl\/#organization\"},\"potentialAction\":[{\"@type\":\"SearchAction\",\"target\":{\"@type\":\"EntryPoint\",\"urlTemplate\":\"https:\/\/www.minipak.net\/pl\/?s={search_term_string}\"},\"query-input\":{\"@type\":\"PropertyValueSpecification\",\"valueRequired\":true,\"valueName\":\"search_term_string\"}}],\"inLanguage\":\"pl-PL\"},{\"@type\":\"Organization\",\"@id\":\"https:\/\/www.minipak.net\/pl\/#organization\",\"name\":\"MINIPAK\",\"url\":\"https:\/\/www.minipak.net\/pl\/\",\"logo\":{\"@type\":\"ImageObject\",\"inLanguage\":\"pl-PL\",\"@id\":\"https:\/\/www.minipak.net\/pl\/#\/schema\/logo\/image\/\",\"url\":\"https:\/\/www.minipak.net\/wp-content\/uploads\/2022\/12\/logo_minipak.svg\",\"contentUrl\":\"https:\/\/www.minipak.net\/wp-content\/uploads\/2022\/12\/logo_minipak.svg\",\"width\":119,\"height\":32,\"caption\":\"MINIPAK\"},\"image\":{\"@id\":\"https:\/\/www.minipak.net\/pl\/#\/schema\/logo\/image\/\"}}]}<\/script>\n<!-- \/ Yoast SEO plugin. -->","yoast_head_json":{"title":"Kontraktowanie wype\u0142niania i saszetkowania | MINIPAK","description":"MINIPAK jest firm\u0105 przyjmuj\u0105c\u0105 zlecenia wype\u0142niania i pakowania w saszetki (tzw. Saszetkowania). Nape\u0142niamy i pakujemy produkty p\u0142ynne, kremowe, proszkowe, granulowane oraz sta\u0142e w pr\u00f3bki kosmetyk\u00f3w, a tak\u017ce saszetki jednorazowe.","robots":{"index":"index","follow":"follow","max-snippet":"max-snippet:-1","max-image-preview":"max-image-preview:large","max-video-preview":"max-video-preview:-1"},"canonical":"https:\/\/www.minipak.net\/pl\/","og_locale":"pl_PL","og_type":"article","og_title":"Kontraktowanie wype\u0142niania i saszetkowania | MINIPAK","og_description":"MINIPAK jest firm\u0105 przyjmuj\u0105c\u0105 zlecenia wype\u0142niania i pakowania w saszetki (tzw. Saszetkowania). Nape\u0142niamy i pakujemy produkty p\u0142ynne, kremowe, proszkowe, granulowane oraz sta\u0142e w pr\u00f3bki kosmetyk\u00f3w, a tak\u017ce saszetki jednorazowe.","og_url":"https:\/\/www.minipak.net\/pl\/","og_site_name":"minipak","article_modified_time":"2025-11-26T13:27:05+00:00","twitter_card":"summary_large_image","twitter_misc":{"Szacowany czas czytania":"4 minuty"},"schema":{"@context":"https:\/\/schema.org","@graph":[{"@type":"WebPage","@id":"https:\/\/www.minipak.net\/pl\/","url":"https:\/\/www.minipak.net\/pl\/","name":"Kontraktowanie wype\u0142niania i saszetkowania | MINIPAK","isPartOf":{"@id":"https:\/\/www.minipak.net\/pl\/#website"},"datePublished":"2022-12-03T11:11:49+00:00","dateModified":"2025-11-26T13:27:05+00:00","description":"MINIPAK jest firm\u0105 przyjmuj\u0105c\u0105 zlecenia wype\u0142niania i pakowania w saszetki (tzw. Saszetkowania). Nape\u0142niamy i pakujemy produkty p\u0142ynne, kremowe, proszkowe, granulowane oraz sta\u0142e w pr\u00f3bki kosmetyk\u00f3w, a tak\u017ce saszetki jednorazowe.","breadcrumb":{"@id":"https:\/\/www.minipak.net\/pl\/#breadcrumb"},"inLanguage":"pl-PL","potentialAction":[{"@type":"ReadAction","target":["https:\/\/www.minipak.net\/pl\/"]}]},{"@type":"BreadcrumbList","@id":"https:\/\/www.minipak.net\/pl\/#breadcrumb","itemListElement":[{"@type":"ListItem","position":1,"name":"Domovsk\u00e1 str\u00e1nka","item":"https:\/\/www.minipak.net\/pl\/"},{"@type":"ListItem","position":2,"name":"Homepage"}]},{"@type":"WebSite","@id":"https:\/\/www.minipak.net\/pl\/#website","url":"https:\/\/www.minipak.net\/pl\/","name":"MINIPAK - Sachet sample packaging","description":"","publisher":{"@id":"https:\/\/www.minipak.net\/pl\/#organization"},"potentialAction":[{"@type":"SearchAction","target":{"@type":"EntryPoint","urlTemplate":"https:\/\/www.minipak.net\/pl\/?s={search_term_string}"},"query-input":{"@type":"PropertyValueSpecification","valueRequired":true,"valueName":"search_term_string"}}],"inLanguage":"pl-PL"},{"@type":"Organization","@id":"https:\/\/www.minipak.net\/pl\/#organization","name":"MINIPAK","url":"https:\/\/www.minipak.net\/pl\/","logo":{"@type":"ImageObject","inLanguage":"pl-PL","@id":"https:\/\/www.minipak.net\/pl\/#\/schema\/logo\/image\/","url":"https:\/\/www.minipak.net\/wp-content\/uploads\/2022\/12\/logo_minipak.svg","contentUrl":"https:\/\/www.minipak.net\/wp-content\/uploads\/2022\/12\/logo_minipak.svg","width":119,"height":32,"caption":"MINIPAK"},"image":{"@id":"https:\/\/www.minipak.net\/pl\/#\/schema\/logo\/image\/"}}]}},"_links":{"self":[{"href":"https:\/\/www.minipak.net\/pl\/wp-json\/wp\/v2\/pages\/2174","targetHints":{"allow":["GET"]}}],"collection":[{"href":"https:\/\/www.minipak.net\/pl\/wp-json\/wp\/v2\/pages"}],"about":[{"href":"https:\/\/www.minipak.net\/pl\/wp-json\/wp\/v2\/types\/page"}],"author":[{"embeddable":true,"href":"https:\/\/www.minipak.net\/pl\/wp-json\/wp\/v2\/users\/1"}],"replies":[{"embeddable":true,"href":"https:\/\/www.minipak.net\/pl\/wp-json\/wp\/v2\/comments?post=2174"}],"version-history":[{"count":23,"href":"https:\/\/www.minipak.net\/pl\/wp-json\/wp\/v2\/pages\/2174\/revisions"}],"predecessor-version":[{"id":4806,"href":"https:\/\/www.minipak.net\/pl\/wp-json\/wp\/v2\/pages\/2174\/revisions\/4806"}],"wp:attachment":[{"href":"https:\/\/www.minipak.net\/pl\/wp-json\/wp\/v2\/media?parent=2174"}],"curies":[{"name":"wp","href":"https:\/\/api.w.org\/{rel}","templated":true}]}}