{"id":2165,"date":"2022-12-03T11:11:49","date_gmt":"2022-12-03T11:11:49","guid":{"rendered":"https:\/\/www.minipak.net\/homepage\/"},"modified":"2025-11-26T13:28:13","modified_gmt":"2025-11-26T13:28:13","slug":"homepage","status":"publish","type":"page","link":"https:\/\/www.minipak.net\/de\/","title":{"rendered":"Homepage"},"content":{"rendered":"<section class=\"l-section wpb_row us_custom_8179376a home_banner height_small\" id=\"no_sachet\"><div class=\"l-section-h i-cf\"><div class=\"g-cols vc_row via_grid cols_1 laptops-cols_inherit tablets-cols_inherit mobiles-cols_1 valign_middle type_default stacking_default\"><div class=\"wpb_column vc_column_container us_custom_fc811230\"><div class=\"vc_column-inner\"><div class=\"wpb_text_column us_custom_192a7f24 has_text_color\"><div class=\"wpb_wrapper\"><h1 style=\"text-align: center;\">\u00dcber 30 Jahre Erfahrung in der Sachet-Verpackung zu Ihren Diensten.<\/h1>\n<\/div><\/div><div class=\"w-html us_custom_2dbf7b3f\"><div class=\"google_reviews\">\n                    <div class=\"rating\">\n                        <div class=\"stars\"><span class=\"stars_fill\" style=\"width:132px\"><\/span><\/div>\n                    \n                    <a href=\"https:\/\/www.google.com\/search?q=MINIPAK+s.r.o.#lrd=0x476c8e8790668ba3:0x9cde4cecdf1faed4,1,,,\" target=\"_blank\" class=\"reviews\" style=\"color: #8f8f8f; text-decoration: underline;\">Read our Google reviews.<\/a>\n                <\/div><\/div><\/div><div class=\"wpb_text_column us_custom_38445624 center has_text_color\"><div class=\"wpb_wrapper\"><p style=\"font-size: 18px; text-align: center;\">Von fl\u00fcssigen Kosmetika bis hin zu Kapseln, Snus und Pulvern \u2013 wir k\u00f6nnen alles f\u00fcr Sie abf\u00fcllen und verpacken.<\/p>\n<p style=\"font-size: 18px; text-align: center;\">Kontaktieren Sie uns noch heute f\u00fcr g\u00fcnstige Preise, GMP-zertifizierte Produktionsqualit\u00e4t und eine Mindestbestellmenge von nur 5.000 Sachets.<\/p>\n<\/div><\/div><div class=\"w-vwrapper align_none valign_top\"><div class=\"w-btn-wrapper align_center\"><a class=\"w-btn us-btn-style_1 us_custom_d3118b6d us_animate_this icon_atright\" title=\"Contact\" href=\"https:\/\/www.minipak.net\/de\/kontakt\/\"><span class=\"w-btn-label\">Kontakt aufnehmen<\/span><i class=\"fas fa-chevron-right\"><\/i><\/a><\/div><\/div><div class=\"wpb_column vc_column_container\"><div class=\"vc_column-inner\"><\/div><\/div><div class=\"wpb_column vc_column_container\"><div class=\"vc_column-inner\"><\/div><\/div><\/div><\/div><\/div><\/div><\/section><section class=\"l-section wpb_row us_custom_3116ecc2 product_wrap height_small\"><div class=\"l-section-h i-cf\"><div class=\"g-cols vc_row via_grid cols_1 laptops-cols_inherit tablets-cols_inherit mobiles-cols_1 valign_middle type_default stacking_default\"><div class=\"wpb_column vc_column_container\"><div class=\"vc_column-inner\"><div class=\"wpb_text_column us_custom_711fe142 has_text_color\"><div class=\"wpb_wrapper\"><h2>Unsere Verpackungsl\u00f6sungen<\/h2>\n<\/div><\/div><div class=\"g-cols wpb_row us_custom_6cb937a4 product_box via_grid cols_3 laptops-cols_inherit tablets-cols_inherit mobiles-cols_1 valign_top type_default stacking_default\" style=\"grid-gap:20px;\"><div class=\"wpb_column vc_column_container us_custom_7cc8a040 has_bg_color\"><div class=\"vc_column-inner\"><div class=\"wpb_text_column us_custom_092b78ee has_text_color\"><div class=\"wpb_wrapper\"><h4 style=\"text-align: center;\">Recycelbares Sachet<\/h4>\n<\/div><\/div><div class=\"w-image us_custom_a833bf3c align_center\"><div class=\"w-image-h\"><img loading=\"lazy\" decoding=\"async\" width=\"296\" height=\"392\" src=\"https:\/\/www.minipak.net\/wp-content\/uploads\/2024\/10\/sachet-png.webp\" class=\"attachment-full size-full\" alt=\"\" \/><\/div><\/div><div class=\"wpb_text_column us_custom_b283ee46 has_text_color\"><div class=\"wpb_wrapper\"><p class=\"p1\">Eine innovative L\u00f6sung, die zu einer nachhaltigen Kreislaufwirtschaft beitr\u00e4gt.<\/p>\n<p class=\"p1\">Geeignet f\u00fcr fl\u00fcssige, viskose oder feste Produkte.<\/p>\n<div id=\"gtx-trans\" style=\"position: absolute; left: -23px; top: 78px;\">\n<div class=\"gtx-trans-icon\"><\/div>\n<\/div>\n<\/div><\/div><div class=\"w-btn-wrapper align_none\"><a class=\"w-btn us-btn-style_7 us_custom_85756892 btn_default has_text_color\" title=\"Recyclable Sampless Sachet\" href=\"https:\/\/www.minipak.net\/de\/recycelbare-sachet-verpackungen\/\"><span class=\"w-btn-label\">Weiterlesen<\/span><\/a><\/div><\/div><\/div><div class=\"wpb_column vc_column_container us_custom_8e881fd1 has_bg_color\"><div class=\"vc_column-inner\"><div class=\"wpb_text_column us_custom_963f0dab has_text_color\"><div class=\"wpb_wrapper\"><h4 style=\"text-align: center;\">Aluminiumbeutel<\/h4>\n<\/div><\/div><div class=\"w-image us_custom_a833bf3c align_center\"><div class=\"w-image-h\"><img loading=\"lazy\" decoding=\"async\" width=\"300\" height=\"377\" src=\"https:\/\/www.minipak.net\/wp-content\/uploads\/2024\/09\/aluminum-sachet-min.png\" class=\"attachment-full size-full\" alt=\"\" srcset=\"https:\/\/www.minipak.net\/wp-content\/uploads\/2024\/09\/aluminum-sachet-min.png 300w, https:\/\/www.minipak.net\/wp-content\/uploads\/2024\/09\/aluminum-sachet-min-239x300.png 239w\" sizes=\"auto, (max-width: 300px) 100vw, 300px\" \/><\/div><\/div><div class=\"wpb_text_column us_custom_b283ee46 has_text_color\"><div class=\"wpb_wrapper\"><p class=\"p1\">Eine bew\u00e4hrte Sachets-Verpackung, die f\u00fcr eine verl\u00e4ngerte Haltbarkeit der verpackten Produkte sorgt.<\/p>\n<p>Geeignet f\u00fcr fl\u00fcssige, viskose oder feste Produkte.<\/p>\n<\/div><\/div><div class=\"w-btn-wrapper align_none\"><a class=\"w-btn us-btn-style_7 us_custom_9a2e42ba btn_default has_text_color\" title=\"Aluminum-based sachet packaging\" href=\"https:\/\/www.minipak.net\/de\/aluminium-sachet-verpackung\/\"><span class=\"w-btn-label\">Weiterlesen<\/span><\/a><\/div><\/div><\/div><div class=\"wpb_column vc_column_container us_custom_a4ae60b1 has_bg_color\"><div class=\"vc_column-inner\"><div class=\"wpb_text_column us_custom_092b78ee has_text_color\"><div class=\"wpb_wrapper\"><h4 style=\"text-align: center;\">Stick-Pack-Verpackung<\/h4>\n<\/div><\/div><div class=\"w-image us_custom_a833bf3c align_center\"><div class=\"w-image-h\"><img loading=\"lazy\" decoding=\"async\" width=\"300\" height=\"811\" src=\"https:\/\/www.minipak.net\/wp-content\/uploads\/2024\/09\/stick-pack-sachet_min.png\" class=\"attachment-full size-full\" alt=\"\" srcset=\"https:\/\/www.minipak.net\/wp-content\/uploads\/2024\/09\/stick-pack-sachet_min.png 300w, https:\/\/www.minipak.net\/wp-content\/uploads\/2024\/09\/stick-pack-sachet_min-111x300.png 111w\" sizes=\"auto, (max-width: 300px) 100vw, 300px\" \/><\/div><\/div><div class=\"wpb_text_column us_custom_b283ee46 has_text_color\"><div class=\"wpb_wrapper\"><p class=\"p1\">Dies ist die perfekte Stick-Verpackungsl\u00f6sung f\u00fcr unterwegs, ideal f\u00fcr Nahrungserg\u00e4nzungsmittel<\/p>\n<p class=\"p1\">Geeignet f\u00fcr staubarme Pulver.<\/p>\n<div id=\"gtx-trans\" style=\"position: absolute; left: -10px; top: 55px;\">\n<div class=\"gtx-trans-icon\"><\/div>\n<\/div>\n<\/div><\/div><div class=\"w-btn-wrapper align_none\"><a class=\"w-btn us-btn-style_7 us_custom_47d66c9d btn_default has_text_color\" title=\"Stick pack sachet packaging\" href=\"https:\/\/www.minipak.net\/de\/stick-pack\/\"><span class=\"w-btn-label\">Weiterlesen<\/span><\/a><\/div><\/div><\/div><\/div><div class=\"wpb_column vc_column_container\"><div class=\"vc_column-inner\"><\/div><\/div><div class=\"wpb_column vc_column_container\"><div class=\"vc_column-inner\"><\/div><\/div><\/div><\/div><\/div><\/div><\/section><section class=\"l-section wpb_row us_custom_cc38381c height_medium\"><div class=\"l-section-h i-cf\"><div class=\"g-cols vc_row via_grid cols_2-1 laptops-cols_inherit tablets-cols_inherit mobiles-cols_1 valign_top type_default stacking_default\" style=\"grid-gap:40px;\"><div class=\"wpb_column vc_column_container us_custom_70cfe74d\"><div class=\"vc_column-inner\"><div class=\"g-cols wpb_row us_custom_d641eec2 call_action via_grid cols_2 laptops-cols_inherit tablets-cols_inherit mobiles-cols_1 valign_middle type_default stacking_default\"><div class=\"wpb_column vc_column_container\"><div class=\"vc_column-inner\"><div class=\"w-image us_custom_45e749fe img_100 align_center\"><div class=\"w-image-h\"><img loading=\"lazy\" decoding=\"async\" width=\"1000\" height=\"645\" src=\"https:\/\/www.minipak.net\/wp-content\/uploads\/2024\/10\/Discovery-box-with-sachet-1-png.webp\" class=\"attachment-full size-full\" alt=\"\" \/><\/div><\/div><\/div><\/div><div class=\"wpb_column vc_column_container us_custom_fd3d5d0a\"><div class=\"vc_column-inner\"><div class=\"wpb_text_column us_custom_d6031cc8 has_text_color\"><div class=\"wpb_wrapper\"><h4 class=\"p1\">Suchen Sie nach einer individuellen L\u00f6sung?<\/h4>\n<\/div><\/div><div class=\"wpb_text_column us_custom_6cd7f7a0 has_text_color\"><div class=\"wpb_wrapper\"><p class=\"p1\">Wir k\u00f6nnen das Erlebnis Ihrer Kunden verbessern, indem wir Sachets an bedruckte Karten anbringen oder sie in Entdeckungs- oder Einzelhandelsboxen verpacken.<\/p>\n<\/div><\/div><div class=\"w-btn-wrapper align_none\"><a class=\"w-btn us-btn-style_7 us_custom_d6b956ad has_text_color\" title=\"Aluminum-based sachet\" href=\"https:\/\/www.minipak.net\/de\/kontakt\/\"><span class=\"w-btn-label\">Kontakt aufnehmen<\/span><\/a><\/div><\/div><\/div><\/div><\/div><\/div><div class=\"wpb_column vc_column_container us_custom_7c1df00a\"><div class=\"vc_column-inner\"><div class=\"wpb_text_column us_custom_8e09cc6b\"><div class=\"wpb_wrapper\"><h4>Nicht sicher, welche Verpackungsoption am besten f\u00fcr Ihr Projekt geeignet ist?<\/h4>\n<\/div><\/div><div class=\"wpb_text_column\"><div class=\"wpb_wrapper\"><p class=\"p1\" style=\"color: #151617;\">Finden wir gemeinsam die L\u00f6sung.<\/p>\n<\/div><\/div><div class=\"w-btn-wrapper align_left\"><a class=\"w-btn us-btn-style_1 us_custom_10567208 us_animate_this icon_atright\" title=\"Contact\" href=\"https:\/\/www.minipak.net\/de\/kontakt\/\"><span class=\"w-btn-label\">Kontakt aufnehmen<\/span><i class=\"fas fa-chevron-right\"><\/i><\/a><\/div><\/div><\/div><\/div><\/div><\/section><section class=\"l-section wpb_row us_custom_8a71ff78 us_animate_this height_medium\" id=\"calc\"><div class=\"l-section-h i-cf\"><div class=\"g-cols vc_row via_grid cols_1 laptops-cols_inherit tablets-cols_inherit mobiles-cols_1 valign_top type_default stacking_default\"><div class=\"wpb_column vc_column_container\"><div class=\"vc_column-inner\"><\/div><\/div><\/div><\/div><\/section><section class=\"l-section wpb_row us_custom_a5356b93 map_section height_medium\"><div class=\"l-section-h i-cf\"><div class=\"g-cols vc_row via_grid cols_2 laptops-cols_inherit tablets-cols_inherit mobiles-cols_1 valign_middle type_default stacking_default\" style=\"grid-gap:0rem;\"><div class=\"wpb_column vc_column_container\"><div class=\"vc_column-inner\"><div class=\"wpb_text_column us_custom_9791b98e\"><div class=\"wpb_wrapper\"><h2>Qualitativ hochwertiger verpackungsservice zu wettbewerbsf\u00e4higen preisen<\/h2>\n<\/div><\/div><\/div><\/div><div class=\"wpb_column vc_column_container us_custom_9203d351\"><div class=\"vc_column-inner\"><div class=\"wpb_text_column us_custom_c27d09f8 has_text_color\"><div class=\"wpb_wrapper\"><p>Hergestellt in der Slowakei<\/p>\n<\/div><\/div><div class=\"wpb_text_column us_custom_3bfe3bab has_text_color\"><div class=\"wpb_wrapper\"><p>Unsere Sachet-Produktionsst\u00e4tte befindet sich in Bratislava, Slowakei. Das Land, das f\u00fcr seine qualifizierten Arbeitskr\u00e4fte bekannt ist, profitiert von niedrigeren Herstellungskosten und einer florierenden Wirtschaft, dank derer wir die Kosten niedrig halten k\u00f6nnen, ohne Kompromisse bei der Qualit\u00e4t einzugehen.<\/p>\n<p>Im Herzen Europas gelegen, hat die Slowakei einen einfachen Zugang zum Kontinent, wodurch sich Transportzeit und -kosten f\u00fcr unsere Kunden verringern.<\/p>\n<\/div><\/div><div class=\"w-btn-wrapper align_none\"><a class=\"w-btn us-btn-style_1 us_custom_d3118b6d us_animate_this icon_atright\" title=\"Kontakt\" href=\"\/de\/kontakt\/\"><span class=\"w-btn-label\">Kontakt aufnehmen<\/span><i class=\"fas fa-chevron-right\"><\/i><\/a><\/div><\/div><\/div><\/div><\/div><\/section><section class=\"l-section wpb_row us_custom_b6a72ce1 doubled height_medium width_full\"><div class=\"l-section-h i-cf\"><div class=\"g-cols vc_row via_grid cols_2 laptops-cols_inherit tablets-cols_inherit mobiles-cols_1 valign_top type_default stacking_default\" style=\"grid-gap:12px;\"><div class=\"wpb_column vc_column_container us_custom_f06ba45d has_bg_color\"><div class=\"vc_column-inner\"><div class=\"w-vwrapper us_custom_c5981c81 align_none valign_top\"><div class=\"wpb_text_column us_custom_c27d09f8 has_text_color\"><div class=\"wpb_wrapper\"><p>An Ihre Bed\u00fcrfnisse angepasster Druck<\/p>\n<\/div><\/div><div class=\"wpb_text_column us_custom_2751239d has_text_color\"><div class=\"wpb_wrapper\"><p>Wir verwenden den fortschrittlichen HP Indigo-Digitaldruck f\u00fcr kleine Auflagen und Projekte mit mehr grafischen Designs. Mit diesem Druckverfahren k\u00f6nnen wir unsere Dienstleistungen effizienter und kosteng\u00fcnstiger auf Ihr Projekt zur Sachets-Verpackung abstimmen.<\/p>\n<p>F\u00fcr gr\u00f6\u00dfere Auftr\u00e4ge verwenden wir modernen UV-Offset- oder Flexodruck. Diese Druckverfahren sorgen f\u00fcr niedrigere St\u00fcckkosten, falls Ihre Proben gr\u00f6\u00dfer werden m\u00fcssen.<\/p>\n<\/div><\/div><div class=\"w-image us_custom_7848fc1f align_none\"><div class=\"w-image-h\"><img loading=\"lazy\" decoding=\"async\" width=\"714\" height=\"269\" src=\"https:\/\/www.minipak.net\/wp-content\/uploads\/2022\/12\/printer-1.png\" class=\"attachment-full size-full\" alt=\"\" srcset=\"https:\/\/www.minipak.net\/wp-content\/uploads\/2022\/12\/printer-1.png 714w, https:\/\/www.minipak.net\/wp-content\/uploads\/2022\/12\/printer-1-300x113.png 300w\" sizes=\"auto, (max-width: 714px) 100vw, 714px\" \/><\/div><\/div><\/div><\/div><\/div><div class=\"wpb_column vc_column_container us_custom_9942e92c has_bg_color\"><div class=\"vc_column-inner\"><div class=\"w-vwrapper us_custom_c5981c81 align_none valign_top\"><div class=\"wpb_text_column us_custom_04b8a905 has_text_color\"><div class=\"wpb_wrapper\"><p>Wir tun alles, um Ihr Budget einzuhalten<\/p>\n<\/div><\/div><div class=\"wpb_text_column us_custom_88a54243 has_text_color\"><div class=\"wpb_wrapper\"><p>W\u00e4hrend unserer Beratungsgespr\u00e4che vor der Produktion k\u00f6nnen wir Sie beraten, wie Sie Ihr Projekt an Ihr Budget anpassen k\u00f6nnen. Von der Empfehlung der richtigen Sachets-Verpackungsgr\u00f6\u00dfe, des Folienmaterials und der Oberfl\u00e4chenveredelung bis hin zur Auswahl der effektivsten Drucktechnik k\u00f6nnen wir Sie bei jedem Schritt begleiten.<\/p>\n<\/div><\/div><div class=\"w-image us_custom_1e69b54f align_none\"><div class=\"w-image-h\"><img loading=\"lazy\" decoding=\"async\" width=\"515\" height=\"378\" src=\"https:\/\/www.minipak.net\/wp-content\/uploads\/2024\/01\/creamy.png\" class=\"attachment-full size-full\" alt=\"\" srcset=\"https:\/\/www.minipak.net\/wp-content\/uploads\/2024\/01\/creamy.png 515w, https:\/\/www.minipak.net\/wp-content\/uploads\/2024\/01\/creamy-300x220.png 300w\" sizes=\"auto, (max-width: 515px) 100vw, 515px\" \/><\/div><\/div><\/div><\/div><\/div><\/div><\/div><\/section>\n","protected":false},"excerpt":{"rendered":"\u00dcber 30 Jahre Erfahrung in der Sachet-Verpackung zu Ihren Diensten. Read our Google reviews. Von fl\u00fcssigen Kosmetika bis hin zu Kapseln, Snus und Pulvern \u2013 wir k\u00f6nnen alles f\u00fcr Sie abf\u00fcllen und verpacken. Kontaktieren Sie uns noch heute f\u00fcr g\u00fcnstige Preise, GMP-zertifizierte Produktionsqualit\u00e4t und eine Mindestbestellmenge von nur 5.000 Sachets. Kontakt aufnehmenUnsere Verpackungsl\u00f6sungen Recycelbares Sachet...","protected":false},"author":1,"featured_media":0,"parent":0,"menu_order":0,"comment_status":"closed","ping_status":"closed","template":"","meta":{"inline_featured_image":false,"footnotes":""},"class_list":["post-2165","page","type-page","status-publish","hentry"],"acf":[],"yoast_head":"<!-- This site is optimized with the Yoast SEO plugin v23.5 - https:\/\/yoast.com\/wordpress\/plugins\/seo\/ -->\n<title>Lohnabf\u00fcllung und Sachets-Verpackung | MINIPAK<\/title>\n<meta name=\"description\" content=\"MINIPAK ist das Unternehmen f\u00fcr Sachets-Verpackungen im Auftrag. Wir f\u00fcllen und verpacken fl\u00fcssige, cremige, pulverf\u00f6rmige, granulierte und feste Produkte in Kosmetikproben und Einzeldosis-Stickpacks.\" \/>\n<meta name=\"robots\" content=\"index, follow, max-snippet:-1, max-image-preview:large, max-video-preview:-1\" \/>\n<link rel=\"canonical\" href=\"https:\/\/www.minipak.net\/de\/\" \/>\n<meta property=\"og:locale\" content=\"de_DE\" \/>\n<meta property=\"og:type\" content=\"article\" \/>\n<meta property=\"og:title\" content=\"Lohnabf\u00fcllung und Sachets-Verpackung | MINIPAK\" \/>\n<meta property=\"og:description\" content=\"MINIPAK ist das Unternehmen f\u00fcr Sachets-Verpackungen im Auftrag. Wir f\u00fcllen und verpacken fl\u00fcssige, cremige, pulverf\u00f6rmige, granulierte und feste Produkte in Kosmetikproben und Einzeldosis-Stickpacks.\" \/>\n<meta property=\"og:url\" content=\"https:\/\/www.minipak.net\/de\/\" \/>\n<meta property=\"og:site_name\" content=\"minipak\" \/>\n<meta property=\"article:modified_time\" content=\"2025-11-26T13:28:13+00:00\" \/>\n<meta name=\"twitter:card\" content=\"summary_large_image\" \/>\n<meta name=\"twitter:label1\" content=\"Gesch\u00e4tzte Lesezeit\" \/>\n\t<meta name=\"twitter:data1\" content=\"4\u00a0Minuten\" \/>\n<script type=\"application\/ld+json\" class=\"yoast-schema-graph\">{\"@context\":\"https:\/\/schema.org\",\"@graph\":[{\"@type\":\"WebPage\",\"@id\":\"https:\/\/www.minipak.net\/de\/\",\"url\":\"https:\/\/www.minipak.net\/de\/\",\"name\":\"Lohnabf\u00fcllung und Sachets-Verpackung | MINIPAK\",\"isPartOf\":{\"@id\":\"https:\/\/www.minipak.net\/de\/#website\"},\"datePublished\":\"2022-12-03T11:11:49+00:00\",\"dateModified\":\"2025-11-26T13:28:13+00:00\",\"description\":\"MINIPAK ist das Unternehmen f\u00fcr Sachets-Verpackungen im Auftrag. Wir f\u00fcllen und verpacken fl\u00fcssige, cremige, pulverf\u00f6rmige, granulierte und feste Produkte in Kosmetikproben und Einzeldosis-Stickpacks.\",\"breadcrumb\":{\"@id\":\"https:\/\/www.minipak.net\/de\/#breadcrumb\"},\"inLanguage\":\"de\",\"potentialAction\":[{\"@type\":\"ReadAction\",\"target\":[\"https:\/\/www.minipak.net\/de\/\"]}]},{\"@type\":\"BreadcrumbList\",\"@id\":\"https:\/\/www.minipak.net\/de\/#breadcrumb\",\"itemListElement\":[{\"@type\":\"ListItem\",\"position\":1,\"name\":\"Domovsk\u00e1 str\u00e1nka\",\"item\":\"https:\/\/www.minipak.net\/de\/\"},{\"@type\":\"ListItem\",\"position\":2,\"name\":\"Homepage\"}]},{\"@type\":\"WebSite\",\"@id\":\"https:\/\/www.minipak.net\/de\/#website\",\"url\":\"https:\/\/www.minipak.net\/de\/\",\"name\":\"MINIPAK - Sachet sample packaging\",\"description\":\"\",\"publisher\":{\"@id\":\"https:\/\/www.minipak.net\/de\/#organization\"},\"potentialAction\":[{\"@type\":\"SearchAction\",\"target\":{\"@type\":\"EntryPoint\",\"urlTemplate\":\"https:\/\/www.minipak.net\/de\/?s={search_term_string}\"},\"query-input\":{\"@type\":\"PropertyValueSpecification\",\"valueRequired\":true,\"valueName\":\"search_term_string\"}}],\"inLanguage\":\"de\"},{\"@type\":\"Organization\",\"@id\":\"https:\/\/www.minipak.net\/de\/#organization\",\"name\":\"MINIPAK\",\"url\":\"https:\/\/www.minipak.net\/de\/\",\"logo\":{\"@type\":\"ImageObject\",\"inLanguage\":\"de\",\"@id\":\"https:\/\/www.minipak.net\/de\/#\/schema\/logo\/image\/\",\"url\":\"https:\/\/www.minipak.net\/wp-content\/uploads\/2022\/12\/logo_minipak.svg\",\"contentUrl\":\"https:\/\/www.minipak.net\/wp-content\/uploads\/2022\/12\/logo_minipak.svg\",\"width\":119,\"height\":32,\"caption\":\"MINIPAK\"},\"image\":{\"@id\":\"https:\/\/www.minipak.net\/de\/#\/schema\/logo\/image\/\"}}]}<\/script>\n<!-- \/ Yoast SEO plugin. -->","yoast_head_json":{"title":"Lohnabf\u00fcllung und Sachets-Verpackung | MINIPAK","description":"MINIPAK ist das Unternehmen f\u00fcr Sachets-Verpackungen im Auftrag. Wir f\u00fcllen und verpacken fl\u00fcssige, cremige, pulverf\u00f6rmige, granulierte und feste Produkte in Kosmetikproben und Einzeldosis-Stickpacks.","robots":{"index":"index","follow":"follow","max-snippet":"max-snippet:-1","max-image-preview":"max-image-preview:large","max-video-preview":"max-video-preview:-1"},"canonical":"https:\/\/www.minipak.net\/de\/","og_locale":"de_DE","og_type":"article","og_title":"Lohnabf\u00fcllung und Sachets-Verpackung | MINIPAK","og_description":"MINIPAK ist das Unternehmen f\u00fcr Sachets-Verpackungen im Auftrag. Wir f\u00fcllen und verpacken fl\u00fcssige, cremige, pulverf\u00f6rmige, granulierte und feste Produkte in Kosmetikproben und Einzeldosis-Stickpacks.","og_url":"https:\/\/www.minipak.net\/de\/","og_site_name":"minipak","article_modified_time":"2025-11-26T13:28:13+00:00","twitter_card":"summary_large_image","twitter_misc":{"Gesch\u00e4tzte Lesezeit":"4\u00a0Minuten"},"schema":{"@context":"https:\/\/schema.org","@graph":[{"@type":"WebPage","@id":"https:\/\/www.minipak.net\/de\/","url":"https:\/\/www.minipak.net\/de\/","name":"Lohnabf\u00fcllung und Sachets-Verpackung | MINIPAK","isPartOf":{"@id":"https:\/\/www.minipak.net\/de\/#website"},"datePublished":"2022-12-03T11:11:49+00:00","dateModified":"2025-11-26T13:28:13+00:00","description":"MINIPAK ist das Unternehmen f\u00fcr Sachets-Verpackungen im Auftrag. Wir f\u00fcllen und verpacken fl\u00fcssige, cremige, pulverf\u00f6rmige, granulierte und feste Produkte in Kosmetikproben und Einzeldosis-Stickpacks.","breadcrumb":{"@id":"https:\/\/www.minipak.net\/de\/#breadcrumb"},"inLanguage":"de","potentialAction":[{"@type":"ReadAction","target":["https:\/\/www.minipak.net\/de\/"]}]},{"@type":"BreadcrumbList","@id":"https:\/\/www.minipak.net\/de\/#breadcrumb","itemListElement":[{"@type":"ListItem","position":1,"name":"Domovsk\u00e1 str\u00e1nka","item":"https:\/\/www.minipak.net\/de\/"},{"@type":"ListItem","position":2,"name":"Homepage"}]},{"@type":"WebSite","@id":"https:\/\/www.minipak.net\/de\/#website","url":"https:\/\/www.minipak.net\/de\/","name":"MINIPAK - Sachet sample packaging","description":"","publisher":{"@id":"https:\/\/www.minipak.net\/de\/#organization"},"potentialAction":[{"@type":"SearchAction","target":{"@type":"EntryPoint","urlTemplate":"https:\/\/www.minipak.net\/de\/?s={search_term_string}"},"query-input":{"@type":"PropertyValueSpecification","valueRequired":true,"valueName":"search_term_string"}}],"inLanguage":"de"},{"@type":"Organization","@id":"https:\/\/www.minipak.net\/de\/#organization","name":"MINIPAK","url":"https:\/\/www.minipak.net\/de\/","logo":{"@type":"ImageObject","inLanguage":"de","@id":"https:\/\/www.minipak.net\/de\/#\/schema\/logo\/image\/","url":"https:\/\/www.minipak.net\/wp-content\/uploads\/2022\/12\/logo_minipak.svg","contentUrl":"https:\/\/www.minipak.net\/wp-content\/uploads\/2022\/12\/logo_minipak.svg","width":119,"height":32,"caption":"MINIPAK"},"image":{"@id":"https:\/\/www.minipak.net\/de\/#\/schema\/logo\/image\/"}}]}},"_links":{"self":[{"href":"https:\/\/www.minipak.net\/de\/wp-json\/wp\/v2\/pages\/2165","targetHints":{"allow":["GET"]}}],"collection":[{"href":"https:\/\/www.minipak.net\/de\/wp-json\/wp\/v2\/pages"}],"about":[{"href":"https:\/\/www.minipak.net\/de\/wp-json\/wp\/v2\/types\/page"}],"author":[{"embeddable":true,"href":"https:\/\/www.minipak.net\/de\/wp-json\/wp\/v2\/users\/1"}],"replies":[{"embeddable":true,"href":"https:\/\/www.minipak.net\/de\/wp-json\/wp\/v2\/comments?post=2165"}],"version-history":[{"count":22,"href":"https:\/\/www.minipak.net\/de\/wp-json\/wp\/v2\/pages\/2165\/revisions"}],"predecessor-version":[{"id":4809,"href":"https:\/\/www.minipak.net\/de\/wp-json\/wp\/v2\/pages\/2165\/revisions\/4809"}],"wp:attachment":[{"href":"https:\/\/www.minipak.net\/de\/wp-json\/wp\/v2\/media?parent=2165"}],"curies":[{"name":"wp","href":"https:\/\/api.w.org\/{rel}","templated":true}]}}